{"id":10408,"date":"2026-04-01T12:29:29","date_gmt":"2026-04-01T10:29:29","guid":{"rendered":"https:\/\/www.rafanadalschool.com\/tag-der-offenen-tuer-2026\/"},"modified":"2026-04-01T14:11:19","modified_gmt":"2026-04-01T12:11:19","slug":"tag-der-offenen-tuer-2026","status":"publish","type":"page","link":"https:\/\/www.rafanadalschool.com\/de\/tag-der-offenen-tuer-2026\/","title":{"rendered":"Tag der offenen T\u00fcr 2026"},"content":{"rendered":"\t\t<div data-elementor-type=\"wp-page\" data-elementor-id=\"10408\" class=\"elementor elementor-10408 elementor-10404\" data-elementor-post-type=\"page\">\n\t\t\t\t<div class=\"elementor-element elementor-element-291e146 e-con-full e-flex e-con e-parent\" data-id=\"291e146\" data-element_type=\"container\" data-e-type=\"container\" data-settings=\"{&quot;background_background&quot;:&quot;classic&quot;}\">\n\t\t<div class=\"elementor-element elementor-element-0b4a8ca e-con-full e-flex e-con e-child\" data-id=\"0b4a8ca\" data-element_type=\"container\" data-e-type=\"container\" data-settings=\"{&quot;background_background&quot;:&quot;classic&quot;}\">\n\t\t\t\t<div class=\"elementor-element elementor-element-24841a5 elementor-widget__width-initial elementor-widget elementor-widget-heading\" data-id=\"24841a5\" data-element_type=\"widget\" data-e-type=\"widget\" data-widget_type=\"heading.default\">\n\t\t\t\t<div class=\"elementor-widget-container\">\n\t\t\t\t\t<h1 class=\"elementor-heading-title elementor-size-default\"><a href=\"https:\/\/forms.cloud.microsoft\/pages\/responsepage.aspx?id=yQl3GJRpXUyi3raHtQyo5wh5PfgCeKZBoBeuqBBytqpUM1AwWTFIWjRSNFIyR1dWR0c0OENCVjZZSS4u&#038;route=shorturl%20https:\/\/forms.cloud.microsoft\/pages\/responsepage.aspx?id=yQl3GJRpXUyi3raHtQyo5wh5PfgCeKZBoBeuqBBytqpUM1AwWTFIWjRSNFIyR1dWR0c0OENCVjZZSS4u&#038;route=shorturl\">Tag der offenen T\u00fcr - Sekundarschule <br>Rafa Nadal Schule  <\/a><\/h1>\t\t\t\t<\/div>\n\t\t\t\t<\/div>\n\t\t\t\t<div class=\"elementor-element elementor-element-233a812 elementor-widget__width-initial elementor-widget elementor-widget-heading\" data-id=\"233a812\" data-element_type=\"widget\" data-e-type=\"widget\" data-widget_type=\"heading.default\">\n\t\t\t\t<div class=\"elementor-widget-container\">\n\t\t\t\t\t<h1 class=\"elementor-heading-title elementor-size-default\"><a href=\"https:\/\/forms.cloud.microsoft\/pages\/responsepage.aspx?id=yQl3GJRpXUyi3raHtQyo5wh5PfgCeKZBoBeuqBBytqpUM1AwWTFIWjRSNFIyR1dWR0c0OENCVjZZSS4u&#038;route=shorturl%20https:\/\/forms.cloud.microsoft\/pages\/responsepage.aspx?id=yQl3GJRpXUyi3raHtQyo5wh5PfgCeKZBoBeuqBBytqpUM1AwWTFIWjRSNFIyR1dWR0c0OENCVjZZSS4u&#038;route=shorturl\">18. April  <\/a><\/h1>\t\t\t\t<\/div>\n\t\t\t\t<\/div>\n\t\t\t\t<div class=\"elementor-element elementor-element-178232e elementor-button-info elementor-widget elementor-widget-button\" data-id=\"178232e\" data-element_type=\"widget\" data-e-type=\"widget\" data-widget_type=\"button.default\">\n\t\t\t\t<div class=\"elementor-widget-container\">\n\t\t\t\t\t\t\t\t\t<div class=\"elementor-button-wrapper\">\n\t\t\t\t\t<a class=\"elementor-button elementor-button-link elementor-size-sm\" href=\"https:\/\/forms.cloud.microsoft\/pages\/responsepage.aspx?id=yQl3GJRpXUyi3raHtQyo5wh5PfgCeKZBoBeuqBBytqpUM1AwWTFIWjRSNFIyR1dWR0c0OENCVjZZSS4u&#038;route=shorturl%20https:\/\/forms.cloud.microsoft\/pages\/responsepage.aspx?id=yQl3GJRpXUyi3raHtQyo5wh5PfgCeKZBoBeuqBBytqpUM1AwWTFIWjRSNFIyR1dWR0c0OENCVjZZSS4u&#038;route=shorturl\">\n\t\t\t\t\t\t<span class=\"elementor-button-content-wrapper\">\n\t\t\t\t\t\t\t\t\t<span class=\"elementor-button-text\">Buchen Sie Ihren Platz f\u00fcr den Tag der offenen T\u00fcr 2026 hier!<\/span>\n\t\t\t\t\t<\/span>\n\t\t\t\t\t<\/a>\n\t\t\t\t<\/div>\n\t\t\t\t\t\t\t\t<\/div>\n\t\t\t\t<\/div>\n\t\t\t\t<\/div>\n\t\t\t\t<\/div>\n\t\t<div class=\"elementor-element elementor-element-11160d1 e-con-full e-flex e-con e-parent\" data-id=\"11160d1\" data-element_type=\"container\" data-e-type=\"container\" data-settings=\"{&quot;background_background&quot;:&quot;classic&quot;}\">\n\t\t<div class=\"elementor-element elementor-element-698cd1d e-con-full e-flex e-con e-child\" data-id=\"698cd1d\" data-element_type=\"container\" data-e-type=\"container\">\n\t\t\t\t<div class=\"elementor-element elementor-element-44838e7 elementor-widget elementor-widget-heading\" data-id=\"44838e7\" data-element_type=\"widget\" data-e-type=\"widget\" data-widget_type=\"heading.default\">\n\t\t\t\t<div class=\"elementor-widget-container\">\n\t\t\t\t\t<h1 class=\"elementor-heading-title elementor-size-default\"><strong data-start=\"315\" data-end=\"388\">M\u00f6chten Sie, dass Ihre Kinder in einem internationalen Bildungsumfeld aufwachsen?<\/strong><\/h1>\t\t\t\t<\/div>\n\t\t\t\t<\/div>\n\t\t\t\t<div class=\"elementor-element elementor-element-474beed elementor-widget elementor-widget-text-editor\" data-id=\"474beed\" data-element_type=\"widget\" data-e-type=\"widget\" data-widget_type=\"text-editor.default\">\n\t\t\t\t<div class=\"elementor-widget-container\">\n\t\t\t\t\t\t\t\t\t<p data-start=\"390\" data-end=\"557\">An der <strong data-start=\"393\" data-end=\"414\">Rafa Nadal School<\/strong> bilden wir Sch\u00fcler innerhalb und au\u00dferhalb des Klassenzimmers aus, indem wir eine <strong data-start=\"472\" data-end=\"509\">akademische Ausbildung auf hohem Niveau<\/strong> mit <strong data-start=\"514\" data-end=\"556\">Werten, Sport und pers\u00f6nlicher Entwicklung<\/strong> verbinden.<\/p>\n<p data-start=\"559\" data-end=\"708\">Wir laden Sie ein, zu entdecken, <b>wie<\/b> unsere Sch\u00fcler <b>leben und lernen<\/b>, unser <b>Bildungsmodell<\/b> und das <b>Team<\/b>, das sie jeden Tag begleitet, kennenzulernen.<\/p>\t\t\t\t\t\t\t\t<\/div>\n\t\t\t\t<\/div>\n\t\t\t\t<\/div>\n\t\t<div class=\"elementor-element elementor-element-b69d0c8 e-flex e-con-boxed e-con e-child\" data-id=\"b69d0c8\" data-element_type=\"container\" data-e-type=\"container\">\n\t\t\t\t\t<div class=\"e-con-inner\">\n\t\t\t\t\t<\/div>\n\t\t\t\t<\/div>\n\t\t\t\t<\/div>\n\t\t<div class=\"elementor-element elementor-element-5f63b5b e-flex e-con-boxed e-con e-parent\" data-id=\"5f63b5b\" data-element_type=\"container\" data-e-type=\"container\" data-settings=\"{&quot;background_background&quot;:&quot;classic&quot;}\">\n\t\t\t\t\t<div class=\"e-con-inner\">\n\t\t<div class=\"elementor-element elementor-element-d22bb3c e-con-full e-flex e-con e-child\" data-id=\"d22bb3c\" data-element_type=\"container\" data-e-type=\"container\">\n\t\t\t\t<div class=\"elementor-element elementor-element-dd66c6a elementor-cta--layout-image-left elementor-cta--mobile-layout-image-above elementor-cta--tablet-layout-image-above elementor-cta--skin-classic elementor-animated-content elementor-bg-transform elementor-bg-transform-zoom-in elementor-widget elementor-widget-call-to-action\" data-id=\"dd66c6a\" data-element_type=\"widget\" data-e-type=\"widget\" data-widget_type=\"call-to-action.default\">\n\t\t\t\t<div class=\"elementor-widget-container\">\n\t\t\t\t\t\t\t<a class=\"elementor-cta\" href=\"https:\/\/www.rafanadalschool.com\/wp-content\/uploads\/2025\/03\/Application-Form.pdf\" target=\"_blank\">\n\t\t\t\t\t<div class=\"elementor-cta__bg-wrapper\">\n\t\t\t\t<div class=\"elementor-cta__bg elementor-bg\" style=\"background-image: url(https:\/\/www.rafanadalschool.com\/wp-content\/uploads\/2023\/02\/DSC05657-1024x683.jpg);\" role=\"img\" aria-label=\"DSC05657\"><\/div>\n\t\t\t\t<div class=\"elementor-cta__bg-overlay\"><\/div>\n\t\t\t<\/div>\n\t\t\t\t\t\t\t<div class=\"elementor-cta__content\">\n\t\t\t\t\n\t\t\t\t\t\t\t\t\t<h2 class=\"elementor-cta__title elementor-cta__content-item elementor-content-item\">\n\t\t\t\t\t\tWas Sie am Tag der offenen T\u00fcr finden werden\t\t\t\t\t<\/h2>\n\t\t\t\t\n\t\t\t\t\t\t\t\t\t<div class=\"elementor-cta__description elementor-cta__content-item elementor-content-item\">\n\t\t\t\t\t\t- Unser internationales Bildungsmodell\n- Die Art und Weise, wie wir akademische Inhalte, Sport und Werte integrieren\n- Der Alltag der Sch\u00fcler der Sekundarstufe\n- Der Ansatz des Lehr- und Betreuungsteams\n- Die R\u00e4ume, in denen sie lernen, leben und sich entwickeln\n- Die einzigartige Umgebung des Campus in Manacor, Mallorca\t\t\t\t\t<\/div>\n\t\t\t\t\n\t\t\t\t\t\t\t\t\t<div class=\"elementor-cta__button-wrapper elementor-cta__content-item elementor-content-item \">\n\t\t\t\t\t<span class=\"elementor-cta__button elementor-button elementor-size-\">\n\t\t\t\t\t\tBuchen Sie Ihren Platz f\u00fcr den Tag der offenen T\u00fcr\t\t\t\t\t<\/span>\n\t\t\t\t\t<\/div>\n\t\t\t\t\t\t\t<\/div>\n\t\t\t\t\t\t<\/a>\n\t\t\t\t\t\t<\/div>\n\t\t\t\t<\/div>\n\t\t\t\t<\/div>\n\t\t\t\t\t<\/div>\n\t\t\t\t<\/div>\n\t\t<div class=\"elementor-element elementor-element-df5c536 e-flex e-con-boxed e-con e-parent\" data-id=\"df5c536\" data-element_type=\"container\" data-e-type=\"container\">\n\t\t\t\t\t<div class=\"e-con-inner\">\n\t\t<div class=\"elementor-element elementor-element-f7f830d e-con-full e-flex e-con e-child\" data-id=\"f7f830d\" data-element_type=\"container\" data-e-type=\"container\">\n\t\t\t\t<div class=\"elementor-element elementor-element-c1366cc elementor-widget elementor-widget-heading\" data-id=\"c1366cc\" data-element_type=\"widget\" data-e-type=\"widget\" data-widget_type=\"heading.default\">\n\t\t\t\t<div class=\"elementor-widget-container\">\n\t\t\t\t\t<h4 class=\"elementor-heading-title elementor-size-default\">Kommen Sie und treffen Sie die Rafa Nadal Schule<\/h4>\t\t\t\t<\/div>\n\t\t\t\t<\/div>\n\t\t\t\t<div class=\"elementor-element elementor-element-c745d23 elementor-widget elementor-widget-text-editor\" data-id=\"c745d23\" data-element_type=\"widget\" data-e-type=\"widget\" data-widget_type=\"text-editor.default\">\n\t\t\t\t<div class=\"elementor-widget-container\">\n\t\t\t\t\t\t\t\t\t<p>Entdecken Sie unser Bildungsmodell, lernen Sie das Team kennen und erleben Sie aus erster Hand die Umgebung, in der unsere Sch\u00fcler jeden Tag lernen und wachsen.<\/p>\t\t\t\t\t\t\t\t<\/div>\n\t\t\t\t<\/div>\n\t\t\t\t<\/div>\n\t\t\t\t\t<\/div>\n\t\t\t\t<\/div>\n\t\t<div class=\"elementor-element elementor-element-08d68c6 e-con-full e-flex e-con e-parent\" data-id=\"08d68c6\" data-element_type=\"container\" data-e-type=\"container\">\n\t\t<div class=\"elementor-element elementor-element-1a63370 e-con-full e-flex e-con e-child\" data-id=\"1a63370\" data-element_type=\"container\" data-e-type=\"container\">\n\t\t\t\t<div class=\"elementor-element elementor-element-d5ca7a4 elementor-button-info elementor-widget elementor-widget-button\" data-id=\"d5ca7a4\" data-element_type=\"widget\" data-e-type=\"widget\" data-widget_type=\"button.default\">\n\t\t\t\t<div class=\"elementor-widget-container\">\n\t\t\t\t\t\t\t\t\t<div class=\"elementor-button-wrapper\">\n\t\t\t\t\t<a class=\"elementor-button elementor-button-link elementor-size-sm\" href=\"https:\/\/forms.cloud.microsoft\/pages\/responsepage.aspx?id=yQl3GJRpXUyi3raHtQyo5wh5PfgCeKZBoBeuqBBytqpUM1AwWTFIWjRSNFIyR1dWR0c0OENCVjZZSS4u&#038;route=shorturl%20https:\/\/forms.cloud.microsoft\/pages\/responsepage.aspx?id=yQl3GJRpXUyi3raHtQyo5wh5PfgCeKZBoBeuqBBytqpUM1AwWTFIWjRSNFIyR1dWR0c0OENCVjZZSS4u&#038;route=shorturl\">\n\t\t\t\t\t\t<span class=\"elementor-button-content-wrapper\">\n\t\t\t\t\t\t\t\t\t<span class=\"elementor-button-text\">Begrenzte Pl\u00e4tze verf\u00fcgbar, buchen Sie hier! <\/span>\n\t\t\t\t\t<\/span>\n\t\t\t\t\t<\/a>\n\t\t\t\t<\/div>\n\t\t\t\t\t\t\t\t<\/div>\n\t\t\t\t<\/div>\n\t\t\t\t<\/div>\n\t\t\t\t<\/div>\n\t\t<div class=\"elementor-element elementor-element-214b61d e-flex e-con-boxed e-con e-parent\" data-id=\"214b61d\" data-element_type=\"container\" data-e-type=\"container\">\n\t\t\t\t\t<div class=\"e-con-inner\">\n\t\t\t\t<div class=\"elementor-element elementor-element-ec32946 elementor-pagination-position-inside elementor-skin-carousel elementor-arrows-yes elementor-pagination-type-bullets elementor-widget elementor-widget-media-carousel\" data-id=\"ec32946\" data-element_type=\"widget\" data-e-type=\"widget\" data-settings=\"{&quot;space_between&quot;:{&quot;unit&quot;:&quot;px&quot;,&quot;size&quot;:2,&quot;sizes&quot;:[]},&quot;skin&quot;:&quot;carousel&quot;,&quot;effect&quot;:&quot;slide&quot;,&quot;show_arrows&quot;:&quot;yes&quot;,&quot;pagination&quot;:&quot;bullets&quot;,&quot;speed&quot;:500,&quot;autoplay&quot;:&quot;yes&quot;,&quot;autoplay_speed&quot;:5000,&quot;loop&quot;:&quot;yes&quot;,&quot;pause_on_hover&quot;:&quot;yes&quot;,&quot;pause_on_interaction&quot;:&quot;yes&quot;,&quot;space_between_tablet&quot;:{&quot;unit&quot;:&quot;px&quot;,&quot;size&quot;:10,&quot;sizes&quot;:[]},&quot;space_between_mobile&quot;:{&quot;unit&quot;:&quot;px&quot;,&quot;size&quot;:10,&quot;sizes&quot;:[]}}\" data-widget_type=\"media-carousel.default\">\n\t\t\t\t<div class=\"elementor-widget-container\">\n\t\t\t\t\t\t\t\t\t<div class=\"elementor-swiper\">\n\t\t\t\t\t<div class=\"elementor-main-swiper swiper\" role=\"region\" aria-roledescription=\"carousel\" aria-label=\"Diapositivas\">\n\t\t\t\t<div class=\"swiper-wrapper\">\n\t\t\t\t\t\t\t\t\t\t\t<div class=\"swiper-slide\" role=\"group\" aria-roledescription=\"slide\">\n\t\t\t\t\t\t\t\t\t<div class=\"elementor-carousel-image\" role=\"img\" aria-label=\"RNA_LUCAROCCHI_JUN25__6\" style=\"background-image: url(&#039;https:\/\/www.rafanadalschool.com\/wp-content\/uploads\/2026\/04\/RNA_LUCAROCCHI_JUN25__6.jpg&#039;)\">\n\n\t\t\t\n\t\t\t\t\t<\/div>\n\t\t\t\t\t\t\t\t<\/div>\n\t\t\t\t\t\t\t\t\t\t\t<div class=\"swiper-slide\" role=\"group\" aria-roledescription=\"slide\">\n\t\t\t\t\t\t\t\t\t<div class=\"elementor-carousel-image\" role=\"img\" aria-label=\"DJI_0232\" style=\"background-image: url(&#039;https:\/\/www.rafanadalschool.com\/wp-content\/uploads\/2026\/04\/DJI_0232.jpeg&#039;)\">\n\n\t\t\t\n\t\t\t\t\t<\/div>\n\t\t\t\t\t\t\t\t<\/div>\n\t\t\t\t\t\t\t\t\t\t\t<div class=\"swiper-slide\" role=\"group\" aria-roledescription=\"slide\">\n\t\t\t\t\t\t\t\t\t<div class=\"elementor-carousel-image\" role=\"img\" aria-label=\"DSC00359-min-horiz\" style=\"background-image: url(&#039;https:\/\/www.rafanadalschool.com\/wp-content\/uploads\/2026\/04\/DSC00359-min-horiz.jpg&#039;)\">\n\n\t\t\t\n\t\t\t\t\t<\/div>\n\t\t\t\t\t\t\t\t<\/div>\n\t\t\t\t\t\t\t\t\t\t\t<div class=\"swiper-slide\" role=\"group\" aria-roledescription=\"slide\">\n\t\t\t\t\t\t\t\t\t<div class=\"elementor-carousel-image\" role=\"img\" aria-label=\"RAFA-NADAL-INTERNATIONAL-SCHOOL-03272022_164056\" style=\"background-image: url(&#039;https:\/\/www.rafanadalschool.com\/wp-content\/uploads\/2026\/04\/RAFA-NADAL-INTERNATIONAL-SCHOOL-03272022_164056.jpg&#039;)\">\n\n\t\t\t\n\t\t\t\t\t<\/div>\n\t\t\t\t\t\t\t\t<\/div>\n\t\t\t\t\t\t\t\t\t\t\t<div class=\"swiper-slide\" role=\"group\" aria-roledescription=\"slide\">\n\t\t\t\t\t\t\t\t\t<div class=\"elementor-carousel-image\" role=\"img\" aria-label=\"RNA_290525_Shooting RNS Secondary_040\" style=\"background-image: url(&#039;https:\/\/www.rafanadalschool.com\/wp-content\/uploads\/2026\/04\/RNA_290525_Shooting-RNS-Secondary_040.jpg&#039;)\">\n\n\t\t\t\n\t\t\t\t\t<\/div>\n\t\t\t\t\t\t\t\t<\/div>\n\t\t\t\t\t\t\t\t\t\t\t<div class=\"swiper-slide\" role=\"group\" aria-roledescription=\"slide\">\n\t\t\t\t\t\t\t\t\t<div class=\"elementor-carousel-image\" role=\"img\" aria-label=\"Aula Biblioteca (4)\" style=\"background-image: url(&#039;https:\/\/www.rafanadalschool.com\/wp-content\/uploads\/2026\/04\/Aula-Biblioteca-4.jpg&#039;)\">\n\n\t\t\t\n\t\t\t\t\t<\/div>\n\t\t\t\t\t\t\t\t<\/div>\n\t\t\t\t\t\t\t\t\t\t\t<div class=\"swiper-slide\" role=\"group\" aria-roledescription=\"slide\">\n\t\t\t\t\t\t\t\t\t<div class=\"elementor-carousel-image\" role=\"img\" aria-label=\"WhatsApp Image 2023-12-11 at 14.21.36\" style=\"background-image: url(&#039;https:\/\/www.rafanadalschool.com\/wp-content\/uploads\/2023\/12\/WhatsApp-Image-2023-12-11-at-14.21.36.jpeg&#039;)\">\n\n\t\t\t\n\t\t\t\t\t<\/div>\n\t\t\t\t\t\t\t\t<\/div>\n\t\t\t\t\t\t\t\t\t\t\t<div class=\"swiper-slide\" role=\"group\" aria-roledescription=\"slide\">\n\t\t\t\t\t\t\t\t\t<div class=\"elementor-carousel-image\" role=\"img\" aria-label=\"RNA_Habitaci\u00f3n_2\" style=\"background-image: url(&#039;https:\/\/www.rafanadalschool.com\/wp-content\/uploads\/2026\/04\/RNA_Habitacion_2.jpg&#039;)\">\n\n\t\t\t\n\t\t\t\t\t<\/div>\n\t\t\t\t\t\t\t\t<\/div>\n\t\t\t\t\t\t\t\t\t\t\t<div class=\"swiper-slide\" role=\"group\" aria-roledescription=\"slide\">\n\t\t\t\t\t\t\t\t\t<div class=\"elementor-carousel-image\" role=\"img\" aria-label=\"DSC05859\" style=\"background-image: url(&#039;https:\/\/www.rafanadalschool.com\/wp-content\/uploads\/2023\/12\/DSC05859.jpg&#039;)\">\n\n\t\t\t\n\t\t\t\t\t<\/div>\n\t\t\t\t\t\t\t\t<\/div>\n\t\t\t\t\t\t\t\t\t<\/div>\n\t\t\t\t\t\t\t\t\t\t\t\t\t\t\t<div class=\"elementor-swiper-button elementor-swiper-button-prev\" role=\"button\" tabindex=\"0\" aria-label=\"Voriger\">\n\t\t\t\t\t\t\t<i aria-hidden=\"true\" class=\"eicon-chevron-left\"><\/i>\t\t\t\t\t\t<\/div>\n\t\t\t\t\t\t<div class=\"elementor-swiper-button elementor-swiper-button-next\" role=\"button\" tabindex=\"0\" aria-label=\"N\u00e4chster\">\n\t\t\t\t\t\t\t<i aria-hidden=\"true\" class=\"eicon-chevron-right\"><\/i>\t\t\t\t\t\t<\/div>\n\t\t\t\t\t\t\t\t\t\t\t\t\t\t\t\t<div class=\"swiper-pagination\"><\/div>\n\t\t\t\t\t\t\t\t\t\t\t\t<\/div>\n\t\t\t\t<\/div>\n\t\t\t\t\t\t\t\t<\/div>\n\t\t\t\t<\/div>\n\t\t\t\t\t<\/div>\n\t\t\t\t<\/div>\n\t\t\t\t<\/div>\n\t\t","protected":false},"excerpt":{"rendered":"<p>Tag der offenen T\u00fcr &#8211; Sekundarschule Rafa Nadal Schule 18. April Buchen Sie Ihren Platz f\u00fcr den Tag der offenen T\u00fcr 2026 hier! M\u00f6chten Sie, dass Ihre Kinder in einem internationalen Bildungsumfeld aufwachsen? An der Rafa Nadal School bilden wir Sch\u00fcler innerhalb und au\u00dferhalb des Klassenzimmers aus, indem wir eine akademische Ausbildung auf hohem Niveau &#8230; <a title=\"Tag der offenen T\u00fcr 2026\" class=\"read-more\" href=\"https:\/\/www.rafanadalschool.com\/de\/tag-der-offenen-tuer-2026\/\" aria-label=\"Mehr Informationen \u00fcber Tag der offenen T\u00fcr 2026\">Weiterlesen<\/a><\/p>\n","protected":false},"author":1,"featured_media":0,"parent":0,"menu_order":0,"comment_status":"closed","ping_status":"closed","template":"elementor_header_footer","meta":{"footnotes":""},"class_list":["post-10408","page","type-page","status-publish"],"yoast_head":"<!-- This site is optimized with the Yoast SEO plugin v27.5 - https:\/\/yoast.com\/product\/yoast-seo-wordpress\/ -->\n<title>Tag der offenen T\u00fcr 2026 - Rafa Nadal School<\/title>\n<meta name=\"description\" content=\"Entdecken Sie das Aufnahmeverfahren an der Rafa Nadal Schule und werden Sie Teil einer Bildungsgemeinschaft, die Spitzenleistungen und sportliche Werte f\u00f6rdert.\" \/>\n<meta name=\"robots\" content=\"index, follow, max-snippet:-1, max-image-preview:large, max-video-preview:-1\" \/>\n<link rel=\"canonical\" href=\"https:\/\/www.rafanadalschool.com\/open-day-2026\/\" \/>\n<meta property=\"og:locale\" content=\"de_DE\" \/>\n<meta property=\"og:type\" content=\"article\" \/>\n<meta property=\"og:title\" content=\"Tag der offenen T\u00fcr 2026 - Rafa Nadal School\" \/>\n<meta property=\"og:description\" content=\"Entdecken Sie das Aufnahmeverfahren an der Rafa Nadal Schule und werden Sie Teil einer Bildungsgemeinschaft, die Spitzenleistungen und sportliche Werte f\u00f6rdert.\" \/>\n<meta property=\"og:url\" content=\"https:\/\/www.rafanadalschool.com\/open-day-2026\/\" \/>\n<meta property=\"og:site_name\" content=\"Rafa Nadal School\" \/>\n<meta property=\"article:modified_time\" content=\"2026-04-01T12:11:19+00:00\" \/>\n<meta name=\"twitter:card\" content=\"summary_large_image\" \/>\n<meta name=\"twitter:label1\" content=\"Gesch\u00e4tzte Lesezeit\" \/>\n\t<meta name=\"twitter:data1\" content=\"1\u00a0Minute\" \/>\n<script type=\"application\/ld+json\" class=\"yoast-schema-graph\">{\"@context\":\"https:\\\/\\\/schema.org\",\"@graph\":[{\"@type\":\"WebPage\",\"@id\":\"https:\\\/\\\/www.rafanadalschool.com\\\/open-day-2026\\\/\",\"url\":\"https:\\\/\\\/www.rafanadalschool.com\\\/open-day-2026\\\/\",\"name\":\"Tag der offenen T\u00fcr 2026 - Rafa Nadal School\",\"isPartOf\":{\"@id\":\"https:\\\/\\\/www.rafanadalschool.com\\\/en\\\/#website\"},\"datePublished\":\"2026-04-01T10:29:29+00:00\",\"dateModified\":\"2026-04-01T12:11:19+00:00\",\"description\":\"Entdecken Sie das Aufnahmeverfahren an der Rafa Nadal Schule und werden Sie Teil einer Bildungsgemeinschaft, die Spitzenleistungen und sportliche Werte f\u00f6rdert.\",\"breadcrumb\":{\"@id\":\"https:\\\/\\\/www.rafanadalschool.com\\\/open-day-2026\\\/#breadcrumb\"},\"inLanguage\":\"de\",\"potentialAction\":[{\"@type\":\"ReadAction\",\"target\":[\"https:\\\/\\\/www.rafanadalschool.com\\\/open-day-2026\\\/\"]}]},{\"@type\":\"BreadcrumbList\",\"@id\":\"https:\\\/\\\/www.rafanadalschool.com\\\/open-day-2026\\\/#breadcrumb\",\"itemListElement\":[{\"@type\":\"ListItem\",\"position\":1,\"name\":\"Portada\",\"item\":\"https:\\\/\\\/www.rafanadalschool.com\\\/\"},{\"@type\":\"ListItem\",\"position\":2,\"name\":\"Tag der offenen T\u00fcr 2026\"}]},{\"@type\":\"WebSite\",\"@id\":\"https:\\\/\\\/www.rafanadalschool.com\\\/en\\\/#website\",\"url\":\"https:\\\/\\\/www.rafanadalschool.com\\\/en\\\/\",\"name\":\"Rafa Nadal School\",\"description\":\"American International School of Mallorca\",\"publisher\":{\"@id\":\"https:\\\/\\\/www.rafanadalschool.com\\\/en\\\/#organization\"},\"potentialAction\":[{\"@type\":\"SearchAction\",\"target\":{\"@type\":\"EntryPoint\",\"urlTemplate\":\"https:\\\/\\\/www.rafanadalschool.com\\\/en\\\/?s={search_term_string}\"},\"query-input\":{\"@type\":\"PropertyValueSpecification\",\"valueRequired\":true,\"valueName\":\"search_term_string\"}}],\"inLanguage\":\"de\"},{\"@type\":\"Organization\",\"@id\":\"https:\\\/\\\/www.rafanadalschool.com\\\/en\\\/#organization\",\"name\":\"Rafa Nadal School\",\"url\":\"https:\\\/\\\/www.rafanadalschool.com\\\/en\\\/\",\"logo\":{\"@type\":\"ImageObject\",\"inLanguage\":\"de\",\"@id\":\"https:\\\/\\\/www.rafanadalschool.com\\\/en\\\/#\\\/schema\\\/logo\\\/image\\\/\",\"url\":\"https:\\\/\\\/www.rafanadalschool.com\\\/wp-content\\\/uploads\\\/2022\\\/02\\\/RNIS_blanco-e1749628779400.png\",\"contentUrl\":\"https:\\\/\\\/www.rafanadalschool.com\\\/wp-content\\\/uploads\\\/2022\\\/02\\\/RNIS_blanco-e1749628779400.png\",\"width\":1285,\"height\":280,\"caption\":\"Rafa Nadal School\"},\"image\":{\"@id\":\"https:\\\/\\\/www.rafanadalschool.com\\\/en\\\/#\\\/schema\\\/logo\\\/image\\\/\"}}]}<\/script>\n<!-- \/ Yoast SEO plugin. -->","yoast_head_json":{"title":"Tag der offenen T\u00fcr 2026 - Rafa Nadal School","description":"Entdecken Sie das Aufnahmeverfahren an der Rafa Nadal Schule und werden Sie Teil einer Bildungsgemeinschaft, die Spitzenleistungen und sportliche Werte f\u00f6rdert.","robots":{"index":"index","follow":"follow","max-snippet":"max-snippet:-1","max-image-preview":"max-image-preview:large","max-video-preview":"max-video-preview:-1"},"canonical":"https:\/\/www.rafanadalschool.com\/open-day-2026\/","og_locale":"de_DE","og_type":"article","og_title":"Tag der offenen T\u00fcr 2026 - Rafa Nadal School","og_description":"Entdecken Sie das Aufnahmeverfahren an der Rafa Nadal Schule und werden Sie Teil einer Bildungsgemeinschaft, die Spitzenleistungen und sportliche Werte f\u00f6rdert.","og_url":"https:\/\/www.rafanadalschool.com\/open-day-2026\/","og_site_name":"Rafa Nadal School","article_modified_time":"2026-04-01T12:11:19+00:00","twitter_card":"summary_large_image","twitter_misc":{"Gesch\u00e4tzte Lesezeit":"1\u00a0Minute"},"schema":{"@context":"https:\/\/schema.org","@graph":[{"@type":"WebPage","@id":"https:\/\/www.rafanadalschool.com\/open-day-2026\/","url":"https:\/\/www.rafanadalschool.com\/open-day-2026\/","name":"Tag der offenen T\u00fcr 2026 - Rafa Nadal School","isPartOf":{"@id":"https:\/\/www.rafanadalschool.com\/en\/#website"},"datePublished":"2026-04-01T10:29:29+00:00","dateModified":"2026-04-01T12:11:19+00:00","description":"Entdecken Sie das Aufnahmeverfahren an der Rafa Nadal Schule und werden Sie Teil einer Bildungsgemeinschaft, die Spitzenleistungen und sportliche Werte f\u00f6rdert.","breadcrumb":{"@id":"https:\/\/www.rafanadalschool.com\/open-day-2026\/#breadcrumb"},"inLanguage":"de","potentialAction":[{"@type":"ReadAction","target":["https:\/\/www.rafanadalschool.com\/open-day-2026\/"]}]},{"@type":"BreadcrumbList","@id":"https:\/\/www.rafanadalschool.com\/open-day-2026\/#breadcrumb","itemListElement":[{"@type":"ListItem","position":1,"name":"Portada","item":"https:\/\/www.rafanadalschool.com\/"},{"@type":"ListItem","position":2,"name":"Tag der offenen T\u00fcr 2026"}]},{"@type":"WebSite","@id":"https:\/\/www.rafanadalschool.com\/en\/#website","url":"https:\/\/www.rafanadalschool.com\/en\/","name":"Rafa Nadal School","description":"American International School of Mallorca","publisher":{"@id":"https:\/\/www.rafanadalschool.com\/en\/#organization"},"potentialAction":[{"@type":"SearchAction","target":{"@type":"EntryPoint","urlTemplate":"https:\/\/www.rafanadalschool.com\/en\/?s={search_term_string}"},"query-input":{"@type":"PropertyValueSpecification","valueRequired":true,"valueName":"search_term_string"}}],"inLanguage":"de"},{"@type":"Organization","@id":"https:\/\/www.rafanadalschool.com\/en\/#organization","name":"Rafa Nadal School","url":"https:\/\/www.rafanadalschool.com\/en\/","logo":{"@type":"ImageObject","inLanguage":"de","@id":"https:\/\/www.rafanadalschool.com\/en\/#\/schema\/logo\/image\/","url":"https:\/\/www.rafanadalschool.com\/wp-content\/uploads\/2022\/02\/RNIS_blanco-e1749628779400.png","contentUrl":"https:\/\/www.rafanadalschool.com\/wp-content\/uploads\/2022\/02\/RNIS_blanco-e1749628779400.png","width":1285,"height":280,"caption":"Rafa Nadal School"},"image":{"@id":"https:\/\/www.rafanadalschool.com\/en\/#\/schema\/logo\/image\/"}}]}},"_links":{"self":[{"href":"https:\/\/www.rafanadalschool.com\/de\/wp-json\/wp\/v2\/pages\/10408","targetHints":{"allow":["GET"]}}],"collection":[{"href":"https:\/\/www.rafanadalschool.com\/de\/wp-json\/wp\/v2\/pages"}],"about":[{"href":"https:\/\/www.rafanadalschool.com\/de\/wp-json\/wp\/v2\/types\/page"}],"author":[{"embeddable":true,"href":"https:\/\/www.rafanadalschool.com\/de\/wp-json\/wp\/v2\/users\/1"}],"replies":[{"embeddable":true,"href":"https:\/\/www.rafanadalschool.com\/de\/wp-json\/wp\/v2\/comments?post=10408"}],"version-history":[{"count":19,"href":"https:\/\/www.rafanadalschool.com\/de\/wp-json\/wp\/v2\/pages\/10408\/revisions"}],"predecessor-version":[{"id":10522,"href":"https:\/\/www.rafanadalschool.com\/de\/wp-json\/wp\/v2\/pages\/10408\/revisions\/10522"}],"wp:attachment":[{"href":"https:\/\/www.rafanadalschool.com\/de\/wp-json\/wp\/v2\/media?parent=10408"}],"curies":[{"name":"wp","href":"https:\/\/api.w.org\/{rel}","templated":true}]}}